{"id":26657,"date":"2025-05-21T15:03:35","date_gmt":"2025-05-21T13:03:35","guid":{"rendered":"https:\/\/www.volkshilfe-ooe.at\/?page_id=26657"},"modified":"2025-05-21T15:03:35","modified_gmt":"2025-05-21T13:03:35","slug":"dementia-lectures","status":"publish","type":"page","link":"https:\/\/www.volkshilfe-ooe.at\/en\/what-we-do\/sustainability\/dementia-lectures\/","title":{"rendered":"Dementia lectures"},"content":{"rendered":"\n\n\t<section class=\"section overlay-right  bottom-space\" id=\"section_1102589438\">\n\t\t<div class=\"section-bg fill\" >\n\t\t\t\t\t\t\t\t\t\n\t\t\t\n\n\t\t<\/div>\n\n\t\t\n\n\t\t<div class=\"section-content relative\">\n\t\t\t\n\n<div class=\"row align-middle\"  id=\"row-2073922330\">\n\n\n\t<div id=\"col-724177663\" class=\"col overlay-col medium-10 small-12 large-4\"  >\n\t\t\t\t<div class=\"col-inner\"  >\n\t\t\t\n\t\t\t\n\n<div class=\"row row-collapse text-row\"  id=\"row-645060880\">\n\n\n\t<div id=\"col-1197861637\" class=\"col small-12 large-12\"  >\n\t\t\t\t<div class=\"col-inner box-shadow-2\"  >\n\t\t\t\n\t\t\t\n\n<h1>Vortragsreihe:<br \/>Leben mit Demenz<\/h1>\n<h4>Menschen mit Demenz besser verstehen und begleiten k\u00f6nnen<\/h4>\n<p><img decoding=\"async\" class=\"alignnone  wp-image-20261\" src=\"https:\/\/www.volkshilfe-ooe.at\/wp-content\/uploads\/2023\/12\/Banner_OOE-Wappen_Logo-1-800x289.jpg\" alt=\"\" width=\"163\" height=\"59\" srcset=\"https:\/\/www.volkshilfe-ooe.at\/wp-content\/uploads\/2023\/12\/Banner_OOE-Wappen_Logo-1-800x289.jpg 800w, https:\/\/www.volkshilfe-ooe.at\/wp-content\/uploads\/2023\/12\/Banner_OOE-Wappen_Logo-1-1400x505.jpg 1400w, https:\/\/www.volkshilfe-ooe.at\/wp-content\/uploads\/2023\/12\/Banner_OOE-Wappen_Logo-1-768x277.jpg 768w, https:\/\/www.volkshilfe-ooe.at\/wp-content\/uploads\/2023\/12\/Banner_OOE-Wappen_Logo-1.jpg 1500w\" sizes=\"(max-width: 163px) 100vw, 163px\" \/> <img decoding=\"async\" class=\"alignnone  wp-image-20257\" src=\"https:\/\/www.volkshilfe-ooe.at\/wp-content\/uploads\/2023\/12\/Logo-_SV_sicher-versorgt.jpg\" alt=\"\" width=\"144\" height=\"56\" \/> <img decoding=\"async\" class=\"alignnone  wp-image-20255\" src=\"https:\/\/www.volkshilfe-ooe.at\/wp-content\/uploads\/2023\/12\/Demenz_Button_20cm-348x400.jpg\" alt=\"\" width=\"94\" height=\"108\" srcset=\"https:\/\/www.volkshilfe-ooe.at\/wp-content\/uploads\/2023\/12\/Demenz_Button_20cm-348x400.jpg 348w, https:\/\/www.volkshilfe-ooe.at\/wp-content\/uploads\/2023\/12\/Demenz_Button_20cm-696x800.jpg 696w, https:\/\/www.volkshilfe-ooe.at\/wp-content\/uploads\/2023\/12\/Demenz_Button_20cm-768x883.jpg 768w, https:\/\/www.volkshilfe-ooe.at\/wp-content\/uploads\/2023\/12\/Demenz_Button_20cm-1336x1536.jpg 1336w, https:\/\/www.volkshilfe-ooe.at\/wp-content\/uploads\/2023\/12\/Demenz_Button_20cm-1782x2048.jpg 1782w\" sizes=\"(max-width: 94px) 100vw, 94px\" \/><\/p>\n<p><img decoding=\"async\" class=\"wp-image-20995 alignnone\" src=\"https:\/\/www.volkshilfe-ooe.at\/wp-content\/uploads\/2025\/01\/Logo-Demenz-800x321.jpg\" alt=\"\" width=\"219\" height=\"88\" srcset=\"https:\/\/www.volkshilfe-ooe.at\/wp-content\/uploads\/2025\/01\/Logo-Demenz-800x321.jpg 800w, https:\/\/www.volkshilfe-ooe.at\/wp-content\/uploads\/2025\/01\/Logo-Demenz-1400x562.jpg 1400w, https:\/\/www.volkshilfe-ooe.at\/wp-content\/uploads\/2025\/01\/Logo-Demenz-768x308.jpg 768w, https:\/\/www.volkshilfe-ooe.at\/wp-content\/uploads\/2025\/01\/Logo-Demenz-1536x616.jpg 1536w, https:\/\/www.volkshilfe-ooe.at\/wp-content\/uploads\/2025\/01\/Logo-Demenz.jpg 1827w\" sizes=\"(max-width: 219px) 100vw, 219px\" \/><\/p>\n\n\t\t<\/div>\n\t\t\t\t\n<style>\n#col-1197861637 > .col-inner {\n  padding: 25px 25px 30px 25px;\n}\n@media (min-width:550px) {\n  #col-1197861637 > .col-inner {\n    padding: 40px 40px 45px 40px;\n  }\n}\n@media (min-width:850px) {\n  #col-1197861637 > .col-inner {\n    padding: 40px 50px 40px 50px;\n  }\n}\n<\/style>\n\t<\/div>\n\n\t\n\n<\/div>\n\n\t\t<\/div>\n\t\t\t\t\t<\/div>\n\n\t\n\n\t<div id=\"col-1924248700\" class=\"col overlay-col medium-10 small-12 large-8 medium-col-first\"  >\n\t\t\t\t<div class=\"col-inner\"  >\n\t\t\t\n\t\t\t\n\n\t<div class=\"img has-hover rounded-edges x md-x lg-x y md-y lg-y\" id=\"image_1860881965\">\n\t\t\t\t\t\t\t\t<div class=\"img-inner image-cover dark\" style=\"padding-top:67%;\">\n\t\t\t<img decoding=\"async\" width=\"2000\" height=\"1057\" src=\"https:\/\/www.volkshilfe-ooe.at\/wp-content\/uploads\/2024\/06\/demenz-vortraege.jpg\" class=\"attachment-original size-original\" alt=\"null\" srcset=\"https:\/\/www.volkshilfe-ooe.at\/wp-content\/uploads\/2024\/06\/demenz-vortraege.jpg 2000w, https:\/\/www.volkshilfe-ooe.at\/wp-content\/uploads\/2024\/06\/demenz-vortraege-757x400.jpg 757w, https:\/\/www.volkshilfe-ooe.at\/wp-content\/uploads\/2024\/06\/demenz-vortraege-1400x740.jpg 1400w, https:\/\/www.volkshilfe-ooe.at\/wp-content\/uploads\/2024\/06\/demenz-vortraege-768x406.jpg 768w, https:\/\/www.volkshilfe-ooe.at\/wp-content\/uploads\/2024\/06\/demenz-vortraege-1536x812.jpg 1536w\" sizes=\"(max-width: 2000px) 100vw, 2000px\" \/>\t\t\t\t\t\t\n\t\t\t\t\t<\/div>\n\t\t\t\t\t\t\t\t\n<style>\n#image_1860881965 {\n  width: 100%;\n}\n<\/style>\n\t<\/div>\n\t\n\n\n\t\t<\/div>\n\t\t\t\t\t<\/div>\n\n\t\n\n<\/div>\n\n\t\t<\/div>\n\n\t\t\n<style>\n#section_1102589438 {\n  padding-top: 0px;\n  padding-bottom: 0px;\n}\n<\/style>\n\t<\/section>\n\t\n\n\t<section class=\"section simple-text\" id=\"section_2035721634\">\n\t\t<div class=\"section-bg fill\" >\n\t\t\t\t\t\t\t\t\t\n\t\t\t\n\n\t\t<\/div>\n\n\t\t\n\n\t\t<div class=\"section-content relative\">\n\t\t\t\n\n<div class=\"row align-center\"  id=\"row-2122613973\">\n\n\n\t<div id=\"col-1171115244\" class=\"col medium-10 small-12 large-10\"  >\n\t\t\t\t<div class=\"col-inner\"  >\n\t\t\t\n\t\t\t\n\n<p>Wenn jemand im famili\u00e4ren Umfeld an Demenz erkrankt, stehen meist alle Beteiligten vor einer gro\u00dfen Herausforderung. \u201eWas kann ich tun?\u201c \u201cWie soll ich mich nun verhalten?\u201c Das sind meist die ersten Fragen die in der Familie auftauchen.<\/p>\n<p>In den Vortr\u00e4gen erhalten Sie einen Einblick in den Krankheitsverlauf, wie eine psychologische Erstabkl\u00e4rung und eine weiterf\u00fchrende Diagnostik ablaufen und auf was bei der Kommunikation mit an Demenz erkrankten Menschen zu beachten ist.<\/p>\n<p><strong>Die Vortr\u00e4ge sind kostenlos. Wir bitten aber jeweils um Anmeldung.<\/strong><\/p>\n<h2>Linz<\/h2>\n<p><strong>Wann:<\/strong> Jeweils von 17:00 \u2013 18:30 Uhr<br \/><strong>Wo:<\/strong> Volkshilfe, Maderspergerstra\u00dfe 11, 4020 Linz, Seminarraum 2. Stock<br \/><strong>Anmeldung:<\/strong> <a href=\"tel:0043676 \/ 8734 1463\">0676 \/ 8734 1463<\/a><\/p>\n<h4>Termine:<\/h4>\n<p><strong>Dienstag, 8. April 2025: Leben mit Demenz \u2013 Stadien und Verlauf<\/strong><br \/>Referentin: Mag.a Bettina Pr\u00f6ll \/ Klinische- und Gesundheitspsychologin, zertifizierte Gerontopsychologin, Demenzservicestellen der Volkshilfe O\u00d6<\/p>\n<p><strong>Dienstag, 15. April 2025: \u201eRund ums Pflegegeld\u201c<\/strong><br \/>Referentin: Mag.a Marlene Zauner, Dipl. Gesundheits- und Krankenpflegerin, Zertifizierte Pflegegeldeinstuferin nach \u00d6BAK, Demenzservicestelle der Volkshilfe O\u00d6<\/p>\n<p><strong>Dienstag, 22. April 2025: Kommunikation mit Demenzerkrankten: So bleiben wir in Verbindung<\/strong><br \/>Referentin: Petra P\u00f6mer, Dipl. Sozialbetreuerin\/Behindertenarbeit, Validationsanwenderin und Validationsgruppenleiterin nach Naomi Feil, Zertifizierte Demenzexpertin, Demenzservicestelle Volkshilfe O\u00d6<\/p>\n<p>\u00a0<\/p>\n<p>\u00a0<\/p>\n<h2>H\u00f6rsching<\/h2>\n<p><strong>Wann:<\/strong> Jeweils von 18:30 \u2013 20:00 Uhr<br \/><strong>Wo:<\/strong> Gemeinde H\u00f6rsching, Brucknerplatz 7, 4063 H\u00f6rsching<br \/><strong>Anmeldung:<\/strong> <a href=\"tel:0043676 \/ 8734 1463\">07221 \/ 72155-40<br \/><\/a><\/p>\n<h4>Termine:<\/h4>\n<p><strong>Donnerstag, 2. Oktober 2025: Leben mit Demenz \u2013 Stadien\/Verlauf\/Formen<\/strong><br \/>Referentin: Mag.a Bettina Pr\u00f6ll \/ Klinische- und Gesundheitspsychologin, zertifizierte Gerontopsychologin, Demenzservicestellen der Volkshilfe O\u00d6<\/p>\n<p><strong>Donnerstag, 9. Oktober 2025: Kommunikation bei Demenz<\/strong><br \/>Referentin: Sabine W\u00f6gerbauer \/ Leitung Demenzservicestellen Linz-S\u00fcd und Schwertberg, Volkshilfe O\u00d6<\/p>\n<p><strong>Donnerstag, 16. Oktober 2025: Stadiengerechte Aktivierung bei Demenz<\/strong><br \/>Referentin: Sabine W\u00f6gerbauer \/ Leitung Demenzservicestellen Linz-S\u00fcd und Schwertberg, Volkshilfe O\u00d6<\/p>\n<p><strong>Donnerstag, 23. Oktober 2025: Psychohygiene f\u00fcr pflegende Angeh\u00f6rige<\/strong><br \/>Referentin: Mag.a Bettina Pr\u00f6ll \/ Klinische- und Gesundheitspsychologin, zertifizierte Gerontopsychologin, Demenzservicestellen der Volkshilfe O\u00d6<\/p>\n<p>\u00a0<\/p>\n<p>\u00a0<\/p>\n<h2>RIED IN DER RIEDMARK<\/h2>\n<p><strong>Wann:<\/strong> Donnerstag, 5. Juni 2025, 19:00 &#8211; 20:30 Uhr<br \/><strong>Wo:<\/strong> Landesmusikschule, Diakoniestra\u00dfe 2, 4312 Ried in der Riedmark<br \/><strong>Anmeldung:<\/strong> <a href=\"tel:0043676 \/ 8734 1463\">0676 \/ 8734 1463<\/a><\/p>\n<p><strong>Impulsvortrag: Leben mit Demenz \u2013 Stadien, Verlauf, Hilfe<\/strong><br \/>Vortragende: Sabine W\u00f6gerbauer,\u00a0<br \/>Leitung Demenzservicestelle Linz-S\u00fcd\/Schwertberg<\/p>\n<p>\u00a0<\/p>\n\n\n\t\t<\/div>\n\t\t\t\t\t<\/div>\n\n\t\n\n<\/div>\n\n\t\t<\/div>\n\n\t\t\n<style>\n#section_2035721634 {\n  padding-top: 0px;\n  padding-bottom: 0px;\n}\n<\/style>\n\t<\/section>\n\t\n\n","protected":false},"excerpt":{"rendered":"<p>Vortragsreihe:Leben mit Demenz Menschen mit Demenz besser verstehen und begleiten k\u00f6nnen Wenn jemand im famili\u00e4ren&#8230;<\/p>\n","protected":false},"author":4,"featured_media":26662,"parent":8565,"menu_order":0,"comment_status":"closed","ping_status":"closed","template":"page-blank.php","meta":{"_acf_changed":false,"footnotes":""},"class_list":["post-26657","page","type-page","status-publish","has-post-thumbnail","hentry"],"acf":[],"yoast_head":"<!-- This site is optimized with the Yoast SEO plugin v26.5 - https:\/\/yoast.com\/wordpress\/plugins\/seo\/ -->\n<title>Dementia lectures - Volkshilfe O\u00d6<\/title>\n<meta name=\"robots\" content=\"index, follow, max-snippet:-1, max-image-preview:large, max-video-preview:-1\" \/>\n<link rel=\"canonical\" href=\"https:\/\/www.volkshilfe-ooe.at\/en\/what-we-do\/sustainability\/dementia-lectures\/\" \/>\n<meta property=\"og:locale\" content=\"en_US\" \/>\n<meta property=\"og:type\" content=\"article\" \/>\n<meta property=\"og:title\" content=\"Dementia lectures - Volkshilfe O\u00d6\" \/>\n<meta property=\"og:description\" content=\"Vortragsreihe:Leben mit Demenz Menschen mit Demenz besser verstehen und begleiten k\u00f6nnen Wenn jemand im famili\u00e4ren...\" \/>\n<meta property=\"og:url\" content=\"https:\/\/www.volkshilfe-ooe.at\/en\/what-we-do\/sustainability\/dementia-lectures\/\" \/>\n<meta property=\"og:site_name\" content=\"Volkshilfe O\u00d6\" \/>\n<meta property=\"og:image\" content=\"https:\/\/www.volkshilfe-ooe.at\/wp-content\/uploads\/2025\/05\/Franckviertel.jpg\" \/>\n\t<meta property=\"og:image:width\" content=\"1800\" \/>\n\t<meta property=\"og:image:height\" content=\"1200\" \/>\n\t<meta property=\"og:image:type\" content=\"image\/jpeg\" \/>\n<meta name=\"twitter:card\" content=\"summary_large_image\" \/>\n<meta name=\"twitter:label1\" content=\"Est. reading time\" \/>\n\t<meta name=\"twitter:data1\" content=\"2 minutes\" \/>\n<script type=\"application\/ld+json\" class=\"yoast-schema-graph\">{\"@context\":\"https:\/\/schema.org\",\"@graph\":[{\"@type\":\"WebPage\",\"@id\":\"https:\/\/www.volkshilfe-ooe.at\/en\/what-we-do\/sustainability\/dementia-lectures\/\",\"url\":\"https:\/\/www.volkshilfe-ooe.at\/en\/what-we-do\/sustainability\/dementia-lectures\/\",\"name\":\"Dementia lectures - Volkshilfe O\u00d6\",\"isPartOf\":{\"@id\":\"https:\/\/www.volkshilfe-ooe.at\/en\/#website\"},\"primaryImageOfPage\":{\"@id\":\"https:\/\/www.volkshilfe-ooe.at\/en\/what-we-do\/sustainability\/dementia-lectures\/#primaryimage\"},\"image\":{\"@id\":\"https:\/\/www.volkshilfe-ooe.at\/en\/what-we-do\/sustainability\/dementia-lectures\/#primaryimage\"},\"thumbnailUrl\":\"https:\/\/www.volkshilfe-ooe.at\/wp-content\/uploads\/2025\/05\/Franckviertel.jpg\",\"datePublished\":\"2025-05-21T13:03:35+00:00\",\"breadcrumb\":{\"@id\":\"https:\/\/www.volkshilfe-ooe.at\/en\/what-we-do\/sustainability\/dementia-lectures\/#breadcrumb\"},\"inLanguage\":\"en-US\",\"potentialAction\":[{\"@type\":\"ReadAction\",\"target\":[\"https:\/\/www.volkshilfe-ooe.at\/en\/what-we-do\/sustainability\/dementia-lectures\/\"]}]},{\"@type\":\"ImageObject\",\"inLanguage\":\"en-US\",\"@id\":\"https:\/\/www.volkshilfe-ooe.at\/en\/what-we-do\/sustainability\/dementia-lectures\/#primaryimage\",\"url\":\"https:\/\/www.volkshilfe-ooe.at\/wp-content\/uploads\/2025\/05\/Franckviertel.jpg\",\"contentUrl\":\"https:\/\/www.volkshilfe-ooe.at\/wp-content\/uploads\/2025\/05\/Franckviertel.jpg\",\"width\":1800,\"height\":1200,\"caption\":\"Franckviertel Symbolbild\"},{\"@type\":\"BreadcrumbList\",\"@id\":\"https:\/\/www.volkshilfe-ooe.at\/en\/what-we-do\/sustainability\/dementia-lectures\/#breadcrumb\",\"itemListElement\":[{\"@type\":\"ListItem\",\"position\":1,\"name\":\"Startseite\",\"item\":\"https:\/\/www.volkshilfe-ooe.at\/en\/\"},{\"@type\":\"ListItem\",\"position\":2,\"name\":\"What we do\",\"item\":\"https:\/\/www.volkshilfe-ooe.at\/en\/what-we-do\/\"},{\"@type\":\"ListItem\",\"position\":3,\"name\":\"Sustainability\",\"item\":\"https:\/\/www.volkshilfe-ooe.at\/en\/shops\/sustainability\/\"},{\"@type\":\"ListItem\",\"position\":4,\"name\":\"Dementia lectures\"}]},{\"@type\":\"WebSite\",\"@id\":\"https:\/\/www.volkshilfe-ooe.at\/en\/#website\",\"url\":\"https:\/\/www.volkshilfe-ooe.at\/en\/\",\"name\":\"Volkshilfe O\u00d6\",\"description\":\"\",\"publisher\":{\"@id\":\"https:\/\/www.volkshilfe-ooe.at\/en\/#organization\"},\"potentialAction\":[{\"@type\":\"SearchAction\",\"target\":{\"@type\":\"EntryPoint\",\"urlTemplate\":\"https:\/\/www.volkshilfe-ooe.at\/en\/?s={search_term_string}\"},\"query-input\":{\"@type\":\"PropertyValueSpecification\",\"valueRequired\":true,\"valueName\":\"search_term_string\"}}],\"inLanguage\":\"en-US\"},{\"@type\":\"Organization\",\"@id\":\"https:\/\/www.volkshilfe-ooe.at\/en\/#organization\",\"name\":\"Volkshilfe O\u00d6\",\"url\":\"https:\/\/www.volkshilfe-ooe.at\/en\/\",\"logo\":{\"@type\":\"ImageObject\",\"inLanguage\":\"en-US\",\"@id\":\"https:\/\/www.volkshilfe-ooe.at\/en\/#\/schema\/logo\/image\/\",\"url\":\"https:\/\/www.volkshilfe-ooe.at\/wp-content\/uploads\/2023\/11\/VH_Logo_oberoesterreich.svg\",\"contentUrl\":\"https:\/\/www.volkshilfe-ooe.at\/wp-content\/uploads\/2023\/11\/VH_Logo_oberoesterreich.svg\",\"width\":1,\"height\":1,\"caption\":\"Volkshilfe O\u00d6\"},\"image\":{\"@id\":\"https:\/\/www.volkshilfe-ooe.at\/en\/#\/schema\/logo\/image\/\"}}]}<\/script>\n<!-- \/ Yoast SEO plugin. -->","yoast_head_json":{"title":"Dementia lectures - Volkshilfe O\u00d6","robots":{"index":"index","follow":"follow","max-snippet":"max-snippet:-1","max-image-preview":"max-image-preview:large","max-video-preview":"max-video-preview:-1"},"canonical":"https:\/\/www.volkshilfe-ooe.at\/en\/what-we-do\/sustainability\/dementia-lectures\/","og_locale":"en_US","og_type":"article","og_title":"Dementia lectures - Volkshilfe O\u00d6","og_description":"Vortragsreihe:Leben mit Demenz Menschen mit Demenz besser verstehen und begleiten k\u00f6nnen Wenn jemand im famili\u00e4ren...","og_url":"https:\/\/www.volkshilfe-ooe.at\/en\/what-we-do\/sustainability\/dementia-lectures\/","og_site_name":"Volkshilfe O\u00d6","og_image":[{"width":1800,"height":1200,"url":"https:\/\/www.volkshilfe-ooe.at\/wp-content\/uploads\/2025\/05\/Franckviertel.jpg","type":"image\/jpeg"}],"twitter_card":"summary_large_image","twitter_misc":{"Est. reading time":"2 minutes"},"schema":{"@context":"https:\/\/schema.org","@graph":[{"@type":"WebPage","@id":"https:\/\/www.volkshilfe-ooe.at\/en\/what-we-do\/sustainability\/dementia-lectures\/","url":"https:\/\/www.volkshilfe-ooe.at\/en\/what-we-do\/sustainability\/dementia-lectures\/","name":"Dementia lectures - Volkshilfe O\u00d6","isPartOf":{"@id":"https:\/\/www.volkshilfe-ooe.at\/en\/#website"},"primaryImageOfPage":{"@id":"https:\/\/www.volkshilfe-ooe.at\/en\/what-we-do\/sustainability\/dementia-lectures\/#primaryimage"},"image":{"@id":"https:\/\/www.volkshilfe-ooe.at\/en\/what-we-do\/sustainability\/dementia-lectures\/#primaryimage"},"thumbnailUrl":"https:\/\/www.volkshilfe-ooe.at\/wp-content\/uploads\/2025\/05\/Franckviertel.jpg","datePublished":"2025-05-21T13:03:35+00:00","breadcrumb":{"@id":"https:\/\/www.volkshilfe-ooe.at\/en\/what-we-do\/sustainability\/dementia-lectures\/#breadcrumb"},"inLanguage":"en-US","potentialAction":[{"@type":"ReadAction","target":["https:\/\/www.volkshilfe-ooe.at\/en\/what-we-do\/sustainability\/dementia-lectures\/"]}]},{"@type":"ImageObject","inLanguage":"en-US","@id":"https:\/\/www.volkshilfe-ooe.at\/en\/what-we-do\/sustainability\/dementia-lectures\/#primaryimage","url":"https:\/\/www.volkshilfe-ooe.at\/wp-content\/uploads\/2025\/05\/Franckviertel.jpg","contentUrl":"https:\/\/www.volkshilfe-ooe.at\/wp-content\/uploads\/2025\/05\/Franckviertel.jpg","width":1800,"height":1200,"caption":"Franckviertel Symbolbild"},{"@type":"BreadcrumbList","@id":"https:\/\/www.volkshilfe-ooe.at\/en\/what-we-do\/sustainability\/dementia-lectures\/#breadcrumb","itemListElement":[{"@type":"ListItem","position":1,"name":"Startseite","item":"https:\/\/www.volkshilfe-ooe.at\/en\/"},{"@type":"ListItem","position":2,"name":"What we do","item":"https:\/\/www.volkshilfe-ooe.at\/en\/what-we-do\/"},{"@type":"ListItem","position":3,"name":"Sustainability","item":"https:\/\/www.volkshilfe-ooe.at\/en\/shops\/sustainability\/"},{"@type":"ListItem","position":4,"name":"Dementia lectures"}]},{"@type":"WebSite","@id":"https:\/\/www.volkshilfe-ooe.at\/en\/#website","url":"https:\/\/www.volkshilfe-ooe.at\/en\/","name":"Volkshilfe O\u00d6","description":"","publisher":{"@id":"https:\/\/www.volkshilfe-ooe.at\/en\/#organization"},"potentialAction":[{"@type":"SearchAction","target":{"@type":"EntryPoint","urlTemplate":"https:\/\/www.volkshilfe-ooe.at\/en\/?s={search_term_string}"},"query-input":{"@type":"PropertyValueSpecification","valueRequired":true,"valueName":"search_term_string"}}],"inLanguage":"en-US"},{"@type":"Organization","@id":"https:\/\/www.volkshilfe-ooe.at\/en\/#organization","name":"Volkshilfe O\u00d6","url":"https:\/\/www.volkshilfe-ooe.at\/en\/","logo":{"@type":"ImageObject","inLanguage":"en-US","@id":"https:\/\/www.volkshilfe-ooe.at\/en\/#\/schema\/logo\/image\/","url":"https:\/\/www.volkshilfe-ooe.at\/wp-content\/uploads\/2023\/11\/VH_Logo_oberoesterreich.svg","contentUrl":"https:\/\/www.volkshilfe-ooe.at\/wp-content\/uploads\/2023\/11\/VH_Logo_oberoesterreich.svg","width":1,"height":1,"caption":"Volkshilfe O\u00d6"},"image":{"@id":"https:\/\/www.volkshilfe-ooe.at\/en\/#\/schema\/logo\/image\/"}}]}},"_links":{"self":[{"href":"https:\/\/www.volkshilfe-ooe.at\/en\/wp-json\/wp\/v2\/pages\/26657","targetHints":{"allow":["GET"]}}],"collection":[{"href":"https:\/\/www.volkshilfe-ooe.at\/en\/wp-json\/wp\/v2\/pages"}],"about":[{"href":"https:\/\/www.volkshilfe-ooe.at\/en\/wp-json\/wp\/v2\/types\/page"}],"author":[{"embeddable":true,"href":"https:\/\/www.volkshilfe-ooe.at\/en\/wp-json\/wp\/v2\/users\/4"}],"replies":[{"embeddable":true,"href":"https:\/\/www.volkshilfe-ooe.at\/en\/wp-json\/wp\/v2\/comments?post=26657"}],"version-history":[{"count":1,"href":"https:\/\/www.volkshilfe-ooe.at\/en\/wp-json\/wp\/v2\/pages\/26657\/revisions"}],"predecessor-version":[{"id":26658,"href":"https:\/\/www.volkshilfe-ooe.at\/en\/wp-json\/wp\/v2\/pages\/26657\/revisions\/26658"}],"up":[{"embeddable":true,"href":"https:\/\/www.volkshilfe-ooe.at\/en\/wp-json\/wp\/v2\/pages\/8565"}],"wp:featuredmedia":[{"embeddable":true,"href":"https:\/\/www.volkshilfe-ooe.at\/en\/wp-json\/wp\/v2\/media\/26662"}],"wp:attachment":[{"href":"https:\/\/www.volkshilfe-ooe.at\/en\/wp-json\/wp\/v2\/media?parent=26657"}],"curies":[{"name":"wp","href":"https:\/\/api.w.org\/{rel}","templated":true}]}}